{"id":2931,"date":"2023-08-21T11:19:50","date_gmt":"2023-08-21T09:19:50","guid":{"rendered":"https:\/\/mrdigital.ch\/declaration-de-confidentialite\/"},"modified":"2024-01-15T10:59:09","modified_gmt":"2024-01-15T09:59:09","slug":"declaration-de-confidentialite","status":"publish","type":"page","link":"https:\/\/mrdigital.ch\/fr\/declaration-de-confidentialite\/","title":{"rendered":"D\u00e9claration de confidentialit\u00e9"},"content":{"rendered":"<div class=\"fusion-fullwidth fullwidth-box fusion-builder-row-1 fusion-flex-container has-pattern-background has-mask-background nonhundred-percent-fullwidth non-hundred-percent-height-scrolling\" style=\"--awb-border-radius-top-left:0px;--awb-border-radius-top-right:0px;--awb-border-radius-bottom-right:0px;--awb-border-radius-bottom-left:0px;--awb-flex-wrap:wrap;\" ><div class=\"fusion-builder-row fusion-row fusion-flex-align-items-flex-start fusion-flex-content-wrap\" style=\"max-width:1248px;margin-left: calc(-4% \/ 2 );margin-right: calc(-4% \/ 2 );\"><div class=\"fusion-layout-column fusion_builder_column fusion-builder-column-0 fusion_builder_column_1_1 1_1 fusion-flex-column\" style=\"--awb-bg-size:cover;--awb-width-large:100%;--awb-margin-top-large:0px;--awb-spacing-right-large:1.92%;--awb-margin-bottom-large:0px;--awb-spacing-left-large:1.92%;--awb-width-medium:100%;--awb-order-medium:0;--awb-spacing-right-medium:1.92%;--awb-spacing-left-medium:1.92%;--awb-width-small:100%;--awb-order-small:0;--awb-spacing-right-small:1.92%;--awb-spacing-left-small:1.92%;\"><div class=\"fusion-column-wrapper fusion-column-has-shadow fusion-flex-justify-content-flex-start fusion-content-layout-column\"><p>Par la pr\u00e9sente <strong>d\u00e9claration de protection des donn\u00e9es<\/strong>, nous vous informons des donn\u00e9es personnelles que nous traitons dans le cadre de nos <strong>activit\u00e9s et de<\/strong> nos op\u00e9rations, y compris notre <strong><nobr>site Internet mrdigital.ch.<\/nobr><\/strong>  Nous informons en particulier \u00e0 quelles fins, comment et o\u00f9 nous traitons quelles donn\u00e9es personnelles. Nous informons en outre sur les droits des personnes dont nous traitons les donn\u00e9es.<\/p>\n\n<p>D'autres d\u00e9clarations de protection des donn\u00e9es ainsi que d'autres documents juridiques, tels que les conditions g\u00e9n\u00e9rales de vente (CGV), les conditions d'utilisation ou les conditions de participation, peuvent s'appliquer \u00e0 des activit\u00e9s et des activit\u00e9s individuelles ou suppl\u00e9mentaires.<\/p>\n\n<p>Nous sommes soumis au droit suisse de la protection des donn\u00e9es ainsi qu'au droit \u00e9tranger \u00e9ventuellement applicable en mati\u00e8re de protection des donn\u00e9es, notamment celui de l'Union europ\u00e9enne (UE) avec le r\u00e8glement g\u00e9n\u00e9ral sur la protection des donn\u00e9es (RGPD). La Commission europ\u00e9enne <a href=\"https:\/\/eur-lex.europa.eu\/legal-content\/DE\/TXT\/?uri=CELEX:32000D0518\" rel=\"nofollow noopener noreferrer\" target=\"_blank\">reconna\u00eet<\/a> que le droit suisse de la protection des donn\u00e9es garantit une protection ad\u00e9quate des donn\u00e9es.<\/p>\n\n<h2 id=\"kontaktadressen\">1. adresses de contact<\/h2>\n\n<p>Responsabilit\u00e9 du traitement des donn\u00e9es personnelles :<\/p>\n\n<p><strong id=\"verantwortlicher\">MR Digital GmbH<\/strong><br>\nRue du Moulin 17a<br>\n4800 Zofingen<\/p>\n\n<p><a href=\"&#109;&#x61;&#105;&#x6c;&#116;&#x6f;&#58;&#x69;&#110;&#x66;&#111;&#x40;m&#x72;d&#x69;g&#x69;t&#x61;l&#x2e;c&#104;\">&#105;&#x6e;&#102;&#x6f;&#64;&#x6d;r&#x64;i&#x67;i&#116;&#x61;&#108;&#x2e;&#99;&#x68;<\/a><\/p>\n\n<p>Nous attirons votre attention sur le fait que, dans certains cas, il existe d'autres responsables du traitement des donn\u00e9es personnelles.<\/p>\n\n<h2 id=\"begriffe-rechtsgrundlagen\">2. notions et bases juridiques<\/h2>\n\n<h3 id=\"begriffe\">2.1 D\u00e9finitions<\/h3>\n\n<p><strong>Les donn\u00e9es personnelles<\/strong> sont <em>toutes les<\/em> informations qui se rapportent \u00e0 une personne physique identifi\u00e9e ou identifiable. Une <strong>personne concern\u00e9e<\/strong> est une personne au sujet de laquelle nous traitons des donn\u00e9es personnelles.<\/p>\n\n<p>Le <strong>traitement<\/strong> comprend <em>toute<\/em> manipulation de donn\u00e9es personnelles, quels <em>que<\/em> soient les moyens et proc\u00e9d\u00e9s utilis\u00e9s, par exemple la consultation, la comparaison, l'adaptation, l'archivage, la conservation, l'extraction, la communication, la collecte, la saisie, la collecte, l'effacement, la divulgation, le classement, l'organisation, la sauvegarde, la modification, la diffusion, l'interconnexion, la destruction et l'utilisation de donn\u00e9es personnelles.<\/p>\n\n<p>L'<strong>Espace \u00e9conomique europ\u00e9en (EEE)<\/strong> comprend les <a href=\"https:\/\/de.wikipedia.org\/wiki\/Mitgliedstaaten_der_Europ%C3%A4ischen_Union\" rel=\"nofollow noopener\" target=\"_blank\">\u00c9tats membres de l'Union europ\u00e9enne<\/a> (UE) ainsi que la Principaut\u00e9 de Liechtenstein, l'Islande et la Norv\u00e8ge. Le r\u00e8glement g\u00e9n\u00e9ral sur la protection des donn\u00e9es (RGPD) qualifie le traitement de donn\u00e9es personnelles de traitement de donn\u00e9es \u00e0 caract\u00e8re personnel.<\/p>\n\n<h3 id=\"rechtsgrundlagen\">2.2 Bases juridiques<\/h3>\n\n<p>Nous traitons les donn\u00e9es personnelles conform\u00e9ment \u00e0 la l\u00e9gislation suisse en mati\u00e8re de protection des donn\u00e9es, notamment la <a href=\"https:\/\/www.fedlex.admin.ch\/eli\/oc\/2022\/491\/de\" rel=\"nofollow noopener noreferrer\" target=\"_blank\" id=\"126286\">loi f\u00e9d\u00e9rale sur la protection des donn\u00e9es<\/a> (LPD) et l'<a href=\"https:\/\/www.fedlex.admin.ch\/eli\/oc\/2022\/568\/de\" rel=\"nofollow noopener\" target=\"_blank\">ordonnance<\/a> sur la protection des donn\u00e9es (OPD).<\/p>\n\n<p><span id=\"rechtsgrundlagen-dsgvo\">Nous traitons - si et dans la mesure o\u00f9 le r\u00e8glement g\u00e9n\u00e9ral sur la protection des donn\u00e9es (RGPD) est applicable - des donn\u00e9es personnelles conform\u00e9ment \u00e0 <em>au moins<\/em> une des bases juridiques suivantes :<\/span><\/p>\n\n<ul>\n<li><a href=\"https:\/\/steigerlegal.ch\/dsgvo\/dsgvo-6\/\" rel=\"nofollow noopener noreferrer\" target=\"_blank\">Art. 6 al. 1 lit. b RGPD<\/a>  pour le traitement n\u00e9cessaire des donn\u00e9es personnelles en vue de l'ex\u00e9cution d'un contrat avec la personne concern\u00e9e ainsi que pour l'ex\u00e9cution de mesures pr\u00e9contractuelles.<\/li>\n<li>Art. 6 al. 1 lit. f RGPD pour le traitement n\u00e9cessaire des donn\u00e9es personnelles afin de sauvegarder nos int\u00e9r\u00eats l\u00e9gitimes ou ceux de tiers, dans la mesure o\u00f9 les libert\u00e9s et droits fondamentaux ainsi que les int\u00e9r\u00eats de la personne concern\u00e9e ne pr\u00e9valent pas. Les int\u00e9r\u00eats l\u00e9gitimes sont notamment notre int\u00e9r\u00eat \u00e0 pouvoir exercer nos activit\u00e9s et nos activit\u00e9s de mani\u00e8re durable, conviviale, s\u00fbre et fiable ainsi qu'\u00e0 communiquer \u00e0 ce sujet, la garantie de la s\u00e9curit\u00e9 des informations, la protection contre les abus, l'application de nos propres droits juridiques et le respect du droit suisse.<\/li>\n<li>Art. 6 al. 1 lit. c RGPD pour le traitement n\u00e9cessaire des donn\u00e9es personnelles afin de remplir une obligation l\u00e9gale \u00e0 laquelle nous sommes soumis conform\u00e9ment au droit \u00e9ventuellement applicable des \u00c9tats membres de l'Espace \u00e9conomique europ\u00e9en (EEE).<\/li>\n<li>Art. 6 al. 1 lit. e du RGPD pour le traitement n\u00e9cessaire de donn\u00e9es personnelles en vue de l'ex\u00e9cution d'une t\u00e2che d'int\u00e9r\u00eat public.<\/li>\n<li>Art. 6 al. 1 lit. a RGPD pour le traitement de donn\u00e9es personnelles avec le consentement de la personne concern\u00e9e.<\/li>\n<li>Art. 6 al. 1 lit. d RGPD pour le traitement n\u00e9cessaire de donn\u00e9es personnelles afin de prot\u00e9ger les int\u00e9r\u00eats vitaux de la personne concern\u00e9e ou d'une autre personne physique.<\/li>\n<\/ul>\n\n<h2 id=\"art-umfang-zweck\">3. nature, port\u00e9e et objectif<\/h2>\n\n<p>Nous traitons les donn\u00e9es personnelles qui sont <em>n\u00e9cessaires<\/em> \u00e0 l'exercice durable, convivial, s\u00fbr et fiable de nos activit\u00e9s. De telles donn\u00e9es personnelles peuvent notamment entrer dans les cat\u00e9gories des donn\u00e9es d'inventaire et de contact, des donn\u00e9es de navigateur et d'appareil, des donn\u00e9es de contenu, des m\u00e9tadonn\u00e9es ou donn\u00e9es marginales et des donn\u00e9es d'utilisation, des donn\u00e9es de localisation, des donn\u00e9es de vente ainsi que des donn\u00e9es de contrat et de paiement.<\/p>\n\n<p>Nous traitons les donn\u00e9es personnelles pendant la <em>dur\u00e9e<\/em> requise par le ou les objectifs concern\u00e9s ou par la loi. Les donn\u00e9es personnelles dont le traitement n'est plus n\u00e9cessaire sont rendues anonymes ou supprim\u00e9es.<\/p>\n\n<p>Nous pouvons faire traiter des donn\u00e9es personnelles <em>par des tiers<\/em>. Nous pouvons traiter des donn\u00e9es personnelles en collaboration avec des tiers ou les transmettre \u00e0 des tiers. Ces tiers sont notamment des prestataires sp\u00e9cialis\u00e9s dont nous utilisons les services. Nous garantissons \u00e9galement la protection des donn\u00e9es aupr\u00e8s de ces tiers.<\/p>\n\n<p><em>En principe<\/em>, nous ne traitons les donn\u00e9es personnelles qu'avec le consentement des personnes concern\u00e9es. Si et dans la mesure o\u00f9 le traitement est autoris\u00e9 pour d'autres raisons juridiques, nous pouvons renoncer \u00e0 demander un consentement. Nous pouvons par exemple traiter des donn\u00e9es personnelles sans consentement afin d'ex\u00e9cuter un contrat, de respecter des obligations l\u00e9gales ou de pr\u00e9server des int\u00e9r\u00eats pr\u00e9pond\u00e9rants.<\/p>\n\n<p>Dans ce cadre, nous traitons en particulier les donn\u00e9es qu'une personne concern\u00e9e nous transmet <em>volontairement<\/em> lors d'une prise de contact - par exemple par courrier postal, e-mail, messagerie instantan\u00e9e, formulaire de contact, m\u00e9dias sociaux ou t\u00e9l\u00e9phone - ou lors de l'enregistrement d'un compte d'utilisateur. Nous pouvons par exemple enregistrer ces informations dans un carnet d'adresses, dans un syst\u00e8me de gestion de la relation client (CRM) ou \u00e0 l'aide d'outils comparables. Lorsque des donn\u00e9es concernant d'autres personnes nous sont transmises, les personnes qui les transmettent sont tenues de garantir la protection des donn\u00e9es vis-\u00e0-vis de ces personnes ainsi que l'exactitude de ces donn\u00e9es personnelles.<\/p>\n\n<p>Nous traitons en outre les donn\u00e9es personnelles que nous recevons de tiers, que nous nous procurons aupr\u00e8s de sources accessibles au public ou que nous collectons dans le cadre de nos activit\u00e9s et de nos op\u00e9rations, dans la mesure o\u00f9 un tel traitement est autoris\u00e9 pour des raisons juridiques.<\/p>\n\n<h2 id=\"sicherheit\">4. s\u00e9curit\u00e9 des donn\u00e9es<\/h2>\n\n<p>Nous prenons les mesures techniques et organisationnelles appropri\u00e9es afin de garantir une s\u00e9curit\u00e9 des donn\u00e9es adapt\u00e9e au risque respectif. Par nos mesures, nous garantissons notamment la confidentialit\u00e9, la disponibilit\u00e9, la tra\u00e7abilit\u00e9 et l'int\u00e9grit\u00e9 des donn\u00e9es personnelles trait\u00e9es.<\/p>\n\n<p>L'acc\u00e8s \u00e0 notre pr\u00e9sence en ligne, comme en particulier \u00e0 notre site web, s'effectue au moyen d'un cryptage de transport (SSL \/ TLS, en particulier avec le Hypertext Transfer Protocol Secure, en abr\u00e9g\u00e9 HTTPS). La plupart des navigateurs signalent le cryptage de transport par un petit cadenas dans la barre d'adresse.<\/p>\n\n<p>Nos communications num\u00e9riques sont soumises - comme toute communication num\u00e9rique - \u00e0 la surveillance de masse sans motif ni soup\u00e7on, ainsi qu'\u00e0 d'autres formes de surveillance par les autorit\u00e9s de s\u00e9curit\u00e9 en Suisse, dans le reste de l'Europe, aux \u00c9tats-Unis d'Am\u00e9rique (USA) et dans d'autres pays. Nous ne pouvons pas exercer d'influence directe sur le traitement correspondant des donn\u00e9es personnelles par les services secrets, les services de police et autres autorit\u00e9s de s\u00e9curit\u00e9.<\/p>\n\n<h2 id=\"ausland\">5. donn\u00e9es personnelles \u00e0 l'\u00e9tranger<\/h2>\n\n<p>Nous traitons les donn\u00e9es personnelles en <em>principe<\/em> en Suisse et dans l'Espace \u00e9conomique europ\u00e9en (EEE). Nous pouvons \u00e9galement exporter ou transmettre des donn\u00e9es personnelles dans d'autres pays, notamment pour les traiter ou les faire traiter dans ces pays.<\/p>\n\n<p>Nous pouvons exporter des donn\u00e9es personnelles dans tous les <a href=\"https:\/\/de.wikipedia.org\/wiki\/Liste_der_Staaten_der_Erde#Tabelle\" rel=\"nofollow noopener noreferrer\" target=\"_blank\">pays et territoires de la plan\u00e8te<\/a> et ailleurs dans l <a href=\"https:\/\/www.datenschutzpartner.ch\/2022\/04\/23\/datenschutzerklaerung-daten-export-universum-mond\/\" rel=\"nofollow noopener noreferrer\" target=\"_blank\">'univers<\/a>, \u00e0 condition que la l\u00e9gislation locale garantisse une protection ad\u00e9quate des donn\u00e9es conform\u00e9ment \u00e0 la <a href=\"https:\/\/steigerlegal.ch\/2022\/09\/10\/ndsg-schweiz-staatenliste\/\" rel=\"nofollow noopener noreferrer\" target=\"_blank\">d\u00e9cision du Conseil f\u00e9d\u00e9ral suisse<\/a> et, si et dans la mesure o\u00f9 le r\u00e8glement g\u00e9n\u00e9ral sur la protection des donn\u00e9es (RGPD) est applicable, conform\u00e9ment \u00e0 la <a href=\"https:\/\/commission.europa.eu\/law\/law-topic\/data-protection\/international-dimension-data-protection\/adequacy-decisions_de\" rel=\"nofollow noopener noreferrer\" target=\"_blank\">d\u00e9cision de la Commission europ\u00e9enne<\/a>.<\/p>\n\n<p>Nous pouvons transf\u00e9rer des donn\u00e9es personnelles vers des \u00c9tats dont la l\u00e9gislation ne garantit pas une protection ad\u00e9quate des donn\u00e9es, \u00e0 condition que la protection des donn\u00e9es soit assur\u00e9e pour d'autres raisons, notamment sur la base de clauses standard de protection des donn\u00e9es ou avec d'autres garanties appropri\u00e9es. Exceptionnellement, nous pouvons exporter des donn\u00e9es personnelles vers des \u00c9tats ne disposant pas d'une protection des donn\u00e9es ad\u00e9quate ou appropri\u00e9e, si les conditions particuli\u00e8res de protection des donn\u00e9es sont remplies, par exemple le consentement explicite des personnes concern\u00e9es ou un lien direct avec la conclusion ou l'ex\u00e9cution d'un contrat. Sur demande, nous renseignons volontiers les personnes concern\u00e9es sur d'\u00e9ventuelles garanties ou fournissons une copie d'\u00e9ventuelles garanties.<\/p>\n\n<h2 id=\"rechte\">6) Droits des personnes concern\u00e9es<\/h2>\n\n<h3 id=\"ansprueche\">6.1 Droits en mati\u00e8re de protection des donn\u00e9es<\/h3>\n\n<p>Nous accordons aux personnes concern\u00e9es tous les droits pr\u00e9vus par la l\u00e9gislation applicable en mati\u00e8re de protection des donn\u00e9es. Les personnes concern\u00e9es disposent notamment des droits suivants :<\/p>\n\n<ul>\n<li><strong>Renseignements :<\/strong> les personnes concern\u00e9es peuvent demander \u00e0 savoir si nous traitons des donn\u00e9es personnelles les concernant et, dans l'affirmative, de quelles donn\u00e9es personnelles il s'agit. Les personnes concern\u00e9es re\u00e7oivent \u00e9galement les informations n\u00e9cessaires pour faire valoir leurs droits en mati\u00e8re de protection des donn\u00e9es et pour garantir la transparence. En font partie les donn\u00e9es personnelles trait\u00e9es en tant que telles, mais aussi, entre autres, des indications sur le but du traitement, sur la dur\u00e9e de conservation, sur une \u00e9ventuelle communication ou exportation de donn\u00e9es dans d'autres \u00c9tats et sur l'origine des donn\u00e9es personnelles.<\/li>\n<li><strong>Rectification et limitation :<\/strong> les personnes concern\u00e9es peuvent faire rectifier des donn\u00e9es personnelles inexactes, faire compl\u00e9ter des donn\u00e9es incompl\u00e8tes et faire limiter le traitement de leurs donn\u00e9es.<\/li>\n<li><strong>Effacement et opposition :<\/strong> les personnes concern\u00e9es peuvent faire effacer leurs donn\u00e9es personnelles (\"droit \u00e0 l'oubli\") et s'opposer au traitement de leurs donn\u00e9es avec effet pour l'avenir.<\/li>\n<li><strong>Remise des donn\u00e9es et transfert des donn\u00e9es :<\/strong> Les personnes concern\u00e9es peuvent demander la remise de donn\u00e9es personnelles ou le transfert de leurs donn\u00e9es \u00e0 un autre responsable.<\/li>\n<\/ul>\n\n<p>Nous pouvons suspendre, limiter ou refuser l'exercice des droits des personnes concern\u00e9es dans les limites autoris\u00e9es par la loi. Nous pouvons attirer l'attention des personnes concern\u00e9es sur les conditions \u00e0 remplir le cas \u00e9ch\u00e9ant pour l'exercice de leurs droits en mati\u00e8re de protection des donn\u00e9es. Nous pouvons par exemple refuser de fournir tout ou partie des informations en invoquant le secret des affaires ou la protection d'autres personnes. Nous pouvons aussi, par exemple, refuser de supprimer tout ou partie des donn\u00e9es personnelles en invoquant des obligations l\u00e9gales de conservation.<\/p>\n\n<p>Nous pouvons <em>exceptionnellement<\/em> pr\u00e9voir des frais pour l'exercice de ces droits. Nous informons au pr\u00e9alable les personnes concern\u00e9es des frais \u00e9ventuels.<\/p>\n\n<p>Nous sommes tenus d'identifier, par des mesures appropri\u00e9es, les personnes concern\u00e9es qui demandent des informations ou font valoir d'autres droits. Les personnes concern\u00e9es sont tenues de coop\u00e9rer.<\/p>\n\n<h3 id=\"rechtsschutz\">6.2 Protection juridique<\/h3>\n\n<p>Les personnes concern\u00e9es ont le droit de faire valoir leurs droits en mati\u00e8re de protection des donn\u00e9es par voie juridique ou de d\u00e9poser une plainte ou un recours aupr\u00e8s d'une autorit\u00e9 de contr\u00f4le comp\u00e9tente en mati\u00e8re de protection des donn\u00e9es.<\/p>\n\n<p>L'autorit\u00e9 de surveillance de la protection des donn\u00e9es pour les d\u00e9nonciations de personnes concern\u00e9es contre des responsables priv\u00e9s et des organes f\u00e9d\u00e9raux en Suisse est le <a href=\"https:\/\/www.edoeb.admin.ch\/\" rel=\"nofollow noopener noreferrer\" target=\"_blank\">Pr\u00e9pos\u00e9 f\u00e9d\u00e9ral \u00e0 la protection des donn\u00e9es et \u00e0 la transparence<\/a> (PFPDT).<\/p>\n\n<p>Les \u00e9ventuelles autorit\u00e9s de contr\u00f4le de la protection des donn\u00e9es pour les plaintes des personnes concern\u00e9es - si et dans la mesure o\u00f9 le r\u00e8glement g\u00e9n\u00e9ral sur la protection des donn\u00e9es (RGPD) s'applique - sont organis\u00e9es en tant que <a href=\"https:\/\/edpb.europa.eu\/about-edpb\/about-edpb\/members_de\" rel=\"nofollow noopener noreferrer\" target=\"_blank\">membres du Comit\u00e9 europ\u00e9en de la protection des donn\u00e9es (CEPD<\/a> ). Dans certains \u00c9tats membres de l'Espace \u00e9conomique europ\u00e9en (EEE), les autorit\u00e9s de contr\u00f4le de la protection des donn\u00e9es sont structur\u00e9es de mani\u00e8re f\u00e9d\u00e9rale, <a href=\"https:\/\/www.bfdi.bund.de\/DE\/Service\/Anschriften\/Laender\/Laender-node.html\" rel=\"nofollow noopener noreferrer\" target=\"_blank\">notamment en Allemagne<\/a>.<\/p>\n\n<h2 id=\"website\">7. utilisation du site web<\/h2>\n\n<h3 id=\"cookies\">7.1 Cookies<\/h3>\n\n<p>Nous pouvons utiliser des cookies. Les cookies, qu'il s'agisse de nos propres cookies (cookies de premi\u00e8re partie) ou de cookies de tiers dont nous utilisons les services (cookies de troisi\u00e8me partie), sont des donn\u00e9es qui sont stock\u00e9es dans le navigateur. De telles donn\u00e9es stock\u00e9es ne doivent pas \u00eatre limit\u00e9es aux cookies traditionnels sous forme de texte.<\/p>\n\n<p>Les cookies peuvent \u00eatre stock\u00e9s temporairement dans le navigateur en tant que \"cookies de session\" ou pour une p\u00e9riode d\u00e9termin\u00e9e en tant que cookies dits permanents. Les \"cookies de session\" sont automatiquement supprim\u00e9s lorsque le navigateur est ferm\u00e9. Les cookies permanents ont une dur\u00e9e de conservation d\u00e9termin\u00e9e. Les cookies permettent notamment de reconna\u00eetre un navigateur lors de la prochaine visite de notre site web et de mesurer ainsi, par exemple, la port\u00e9e de notre site web. Mais les cookies permanents peuvent aussi \u00eatre utilis\u00e9s, par exemple, pour le marketing en ligne.<\/p>\n\n<p>Les cookies peuvent \u00eatre d\u00e9sactiv\u00e9s et supprim\u00e9s \u00e0 tout moment, en partie ou en totalit\u00e9, dans les param\u00e8tres du navigateur. Sans cookies, notre site web ne sera \u00e9ventuellement plus disponible dans son int\u00e9gralit\u00e9. Nous demandons activement - au moins si et dans la mesure o\u00f9 cela est n\u00e9cessaire - le consentement explicite \u00e0 l'utilisation de cookies.<\/p>\n\n<p>Pour les cookies utilis\u00e9s pour la mesure d'audience et de succ\u00e8s ou pour la publicit\u00e9, une opposition g\u00e9n\u00e9rale (\"opt-out\") est possible pour de nombreux services via <a href=\"https:\/\/youradchoices.ca\/\" rel=\"nofollow noopener noreferrer\" target=\"_blank\">AdChoices<\/a> (Digital Advertising Alliance of Canada), la <a href=\"https:\/\/optout.networkadvertising.org\/\" rel=\"nofollow noopener noreferrer\" target=\"_blank\">Network Advertising Initiative<\/a> (NAI), <a href=\"https:\/\/optout.aboutads.info\/\" rel=\"nofollow noopener noreferrer\" target=\"_blank\">YourAdChoices<\/a> (Digital Advertising Alliance) ou <a href=\"https:\/\/www.youronlinechoices.com\/ch-de\/praferenzmanagement\" rel=\"nofollow noopener noreferrer\" target=\"_blank\">Your Online Choices<\/a> (European Interactive Digital Advertising Alliance, EDAA).<\/p>\n\n<h3 id=\"logdateien\">7.2 Fichiers journaux du serveur<\/h3>\n\n<p>Nous pouvons collecter les donn\u00e9es suivantes pour chaque acc\u00e8s \u00e0 notre site web, dans la mesure o\u00f9 elles sont transmises par votre navigateur \u00e0 notre infrastructure de serveur ou peuvent \u00eatre d\u00e9termin\u00e9es par notre serveur web : la date et l'heure, y compris le fuseau horaire,  <a href=\"https:\/\/de.wikipedia.org\/wiki\/IP-Adresse\" rel=\"nofollow noopener noreferrer\" target=\"_blank\">Adresse IP<\/a>Les donn\u00e9es relatives \u00e0 l'utilisateur sont les suivantes : statut d'acc\u00e8s (code de statut HTTP), syst\u00e8me d'exploitation, y compris l'interface utilisateur et la version, navigateur, y compris la langue et la version, sous-page de notre site web consult\u00e9e, y compris la quantit\u00e9 de donn\u00e9es transmises, derni\u00e8re page web consult\u00e9e dans la m\u00eame fen\u00eatre de navigateur (r\u00e9f\u00e9rent).<\/p>\n\n<p>Nous enregistrons ces informations, qui peuvent \u00e9galement constituer des donn\u00e9es personnelles, dans des fichiers journaux de serveur. Ces informations sont n\u00e9cessaires pour mettre \u00e0 disposition notre site web de mani\u00e8re durable, conviviale et fiable ainsi que pour pouvoir garantir la s\u00e9curit\u00e9 des donn\u00e9es et donc en particulier la protection des donn\u00e9es personnelles - \u00e9galement par des tiers ou avec l'aide de tiers.<\/p>\n\n<h3 id=\"zaehlpixel\">7.3 Pixels de suivi<\/h3>\n\n<p>Nous pouvons utiliser des pixels de suivi sur notre site web. Les pixels de suivi sont \u00e9galement appel\u00e9s balises web. Les pixels - y compris ceux de tiers dont nous utilisons les services - sont de petites images g\u00e9n\u00e9ralement invisibles qui sont automatiquement appel\u00e9es lors de la visite de notre site web. Les pixels de comptage permettent de collecter les m\u00eames informations que les fichiers journaux du serveur.<\/p>\n\n<h2 id=\"social-media\">8. les m\u00e9dias sociaux<\/h2>\n\n<p>Nous sommes pr\u00e9sents sur les plateformes de m\u00e9dias sociaux et autres plateformes en ligne afin de pouvoir communiquer avec les personnes int\u00e9ress\u00e9es et de les informer de nos activit\u00e9s et de nos activit\u00e9s. Dans le cadre de ces plateformes, les donn\u00e9es personnelles peuvent \u00e9galement \u00eatre trait\u00e9es en dehors de la Suisse et de l'Espace \u00e9conomique europ\u00e9en (EEE).<\/p>\n\n<p>Les conditions g\u00e9n\u00e9rales de vente (CGV) et les conditions d'utilisation ainsi que les d\u00e9clarations de protection des donn\u00e9es et autres dispositions des diff\u00e9rents exploitants de telles plateformes s'appliquent \u00e9galement. Ces dispositions informent notamment sur les droits des personnes concern\u00e9es directement vis-\u00e0-vis de la plateforme concern\u00e9e, ce qui inclut par exemple le droit d'acc\u00e8s.<\/p>\n\n<p>Pour notre <strong>pr\u00e9sence dans les m\u00e9dias sociaux sur Facebook<\/strong>, y compris pour ce que l'on appelle les Pages-Insights, nous sommes - si et dans la mesure o\u00f9 le R\u00e8glement g\u00e9n\u00e9ral sur la protection des donn\u00e9es (RGPD) est applicable - conjointement responsables avec Meta Platforms Ireland Limited (Irlande). Meta Platforms Ireland Limited fait partie des <a href=\"https:\/\/www.facebook.com\/help\/111814505650678\" rel=\"nofollow noopener noreferrer\" target=\"_blank\">entreprises Meta<\/a> (entre autres aux \u00c9tats-Unis). Les Pages-Insights fournissent des informations sur la mani\u00e8re dont les visiteurs interagissent avec notre pr\u00e9sence sur Facebook. Nous utilisons les Pages-Insights pour assurer une pr\u00e9sence efficace et conviviale sur les m\u00e9dias sociaux Facebook.<\/p>\n\n<p>De plus amples informations sur la nature, l'\u00e9tendue et la finalit\u00e9 du traitement des donn\u00e9es, des informations sur les droits des personnes concern\u00e9es ainsi que les coordonn\u00e9es de Facebook et du responsable de la protection des donn\u00e9es de Facebook sont disponibles dans la <a href=\"https:\/\/www.facebook.com\/about\/privacy\" rel=\"nofollow noopener noreferrer\" target=\"_blank\">d\u00e9claration de confidentialit\u00e9 de Facebook<\/a>. Nous avons conclu avec Facebook ce que l'on appelle un <a href=\"https:\/\/www.facebook.com\/legal\/controller_addendum\" rel=\"nofollow noopener noreferrer\" target=\"_blank\">\"avenant au responsable du traitement\"<\/a> et avons ainsi convenu en particulier que Facebook est responsable de la garantie des droits des personnes concern\u00e9es. Pour les \"insights de page\", les informations correspondantes se trouvent sur la page <a href=\"https:\/\/www.facebook.com\/legal\/terms\/page_controller_addendum\" rel=\"nofollow noopener noreferrer\" target=\"_blank\">\"Informations sur les ins<\/a> ights de page\", y compris <a href=\"https:\/\/www.facebook.com\/legal\/terms\/information_about_page_insights_data\" rel=\"nofollow noopener noreferrer\" target=\"_blank\">\"Informations sur les donn\u00e9es des insights de page\".<\/a><\/p>\n\n<h2 id=\"dienste\">9. services de tiers<\/h2>\n\n<p>Nous utilisons les services de tiers sp\u00e9cialis\u00e9s afin de pouvoir exercer nos activit\u00e9s et nos op\u00e9rations de mani\u00e8re durable, conviviale, s\u00fbre et fiable. Ces services nous permettent, entre autres, d'int\u00e9grer des fonctions et des contenus dans notre site web. Lors d'une telle int\u00e9gration, les services utilis\u00e9s collectent au moins temporairement les <a href=\"https:\/\/de.wikipedia.org\/wiki\/IP-Adresse\" rel=\"nofollow noopener noreferrer\" target=\"_blank\">adresses IP<\/a> des utilisateurs pour des raisons techniques imp\u00e9ratives.<\/p>\n\n<p>Pour des raisons de s\u00e9curit\u00e9, statistiques et techniques, les tiers dont nous utilisons les services peuvent traiter des donn\u00e9es agr\u00e9g\u00e9es, anonymes ou pseudonymis\u00e9es en rapport avec nos activit\u00e9s et nos op\u00e9rations. Il s'agit par exemple de donn\u00e9es relatives aux performances ou \u00e0 l'utilisation, afin de pouvoir proposer le service en question.<\/p>\n\n<p>Nous utilisons notamment<\/p>\n\n<ul>\n<li><strong>\n  <a href=\"https:\/\/about.google\/products\/\" rel=\"nofollow noopener noreferrer\" target=\"_blank\">Services de Google :<\/a>\n<\/strong> Fournisseurs : Google LLC (USA) \/ Google Ireland Limited (Irlande) pour les utilisateurs de l'Espace \u00e9conomique europ\u00e9en (EEE) et de la Suisse ; Informations g\u00e9n\u00e9rales sur la protection des donn\u00e9es :  <a href=\"https:\/\/safety.google\/intl\/de\/principles\/\" rel=\"nofollow noopener noreferrer\" target=\"_blank\">\"Principes relatifs \u00e0 la protection des donn\u00e9es et \u00e0 la s\u00e9curit\u00e9<\/a>\",  <a href=\"https:\/\/policies.google.com\/privacy?hl=de\" rel=\"nofollow noopener noreferrer\" target=\"_blank\">D\u00e9claration de confidentialit\u00e9<\/a>,  <a href=\"https:\/\/privacy.google.com\/intl\/de\/businesses\/compliance\/\" rel=\"nofollow noopener noreferrer\" target=\"_blank\">\"Google s'engage \u00e0 respecter les lois applicables en mati\u00e8re de protection des donn\u00e9es\",<\/a> <a href=\"https:\/\/policies.google.com\/technologies\/product-privacy?hl=de\" rel=\"nofollow noopener noreferrer\" target=\"_blank\">\"Guide de confidentialit\u00e9 des produits Google\",<\/a> <a href=\"https:\/\/policies.google.com\/technologies\/partner-sites?hl=de\" rel=\"nofollow noopener noreferrer\" target=\"_blank\">\"Comment nous utilisons les donn\u00e9es des sites web ou des applications sur lesquels nos services sont utilis\u00e9s\" (informations fournies par Google)<\/a>, <a href=\"https:\/\/policies.google.com\/technologies\/cookies?hl=de\" rel=\"nofollow noopener noreferrer\" target=\"_blank\">\"Types de cookies et autres technologies utilis\u00e9s par Google\",<\/a> <a href=\"https:\/\/adssettings.google.com\/\" rel=\"nofollow noopener noreferrer\" target=\"_blank\">\"Publicit\u00e9 personnalis\u00e9e\" (activation \/ d\u00e9sactivation \/ param\u00e8tres)<\/a>.\n\n<\/li>\n<li><strong>\n  <a href=\"https:\/\/www.microsoft.com\/de-ch\" rel=\"nofollow noopener noreferrer\" target=\"_blank\">Services fournis par Microsoft :<\/a>\n<\/strong> Fournisseurs : Microsoft Corporation (\u00c9tats-Unis) \/ Microsoft Ireland Operations Limited (Irlande) pour les utilisateurs de l'Espace \u00e9conomique europ\u00e9en (EEE), de la Grande-Bretagne et de la Suisse ; informations g\u00e9n\u00e9rales sur la protection des donn\u00e9es : <a href=\"https:\/\/privacy.microsoft.com\/de-de\" rel=\"nofollow noopener noreferrer\" target=\"_blank\">\"Protection des donn\u00e9es chez Microsoft\",<\/a> <a href=\"https:\/\/www.microsoft.com\/de-ch\/trust-center\/privacy\" rel=\"nofollow noopener noreferrer\" target=\"_blank\">\"Protection des donn\u00e9es et de la vie priv\u00e9e (Trust Center)\",<\/a> <a href=\"https:\/\/privacy.microsoft.com\/de-de\/privacystatement\" rel=\"nofollow noopener noreferrer\" target=\"_blank\">d\u00e9claration de confidentialit\u00e9<\/a>, <a href=\"https:\/\/account.microsoft.com\/account\/privacy?lang=de-DE\" rel=\"nofollow noopener noreferrer\" target=\"_blank\">tableau de bord de la protection des donn\u00e9es (param\u00e8tres de donn\u00e9es et de confidentialit\u00e9)<\/a>.\n\n<\/li>\n<\/ul>\n\n<h3 id=\"infrastruktur\">9.1 Infrastructure num\u00e9rique<\/h3>\n\n<p>Nous utilisons les services de tiers sp\u00e9cialis\u00e9s afin de b\u00e9n\u00e9ficier de l'infrastructure num\u00e9rique n\u00e9cessaire dans le cadre de nos activit\u00e9s et de nos op\u00e9rations. Il s'agit par exemple de services d'h\u00e9bergement et de stockage fournis par des fournisseurs s\u00e9lectionn\u00e9s.<\/p>\n\n<p>Nous utilisons notamment<\/p>\n\n<ul>\n<li><strong>\n  <a href=\"https:\/\/www.infomaniak.com\/de\/\" rel=\"nofollow noopener noreferrer\" target=\"_blank\">Infomaniak :<\/a>\n<\/strong> H\u00e9bergement ; Fournisseur : INFOMANIAK NETWORK SA (Suisse) ; Informations sur la protection des donn\u00e9es : <a href=\"https:\/\/www.infomaniak.com\/de\/agb\/regelung-allgemeine-schutz-daten\" rel=\"nofollow noopener noreferrer\" target=\"_blank\">\"Infomaniak et la protection de vos donn\u00e9es personnelles\",<\/a> Politique <a href=\"https:\/\/www.infomaniak.com\/de\/agb\/datenschutzrichtlinien\" rel=\"nofollow noopener noreferrer\" target=\"_blank\">de confidentialit\u00e9<\/a>, <a href=\"https:\/\/www.infomaniak.com\/de\/agb\/politik-nutzung-cookies\" rel=\"nofollow noopener noreferrer\" target=\"_blank\">Politique<\/a> <a href=\"https:\/\/www.infomaniak.com\/de\/agb\/datenschutzrichtlinien\" rel=\"nofollow noopener noreferrer\" target=\"_blank\">en mati\u00e8re de<\/a> <a href=\"https:\/\/www.infomaniak.com\/de\/agb\/politik-nutzung-cookies\" rel=\"nofollow noopener noreferrer\" target=\"_blank\">cookies<\/a>, <a href=\"https:\/\/www.infomaniak.com\/de\/zertifizierungen\" rel=\"nofollow noopener noreferrer\" target=\"_blank\">\"Certifications et labels\".<\/a>\n\n<\/li>\n<li><strong>\n  <a href=\"https:\/\/azure.microsoft.com\/de-de\/\" rel=\"nofollow noopener noreferrer\" target=\"_blank\">Microsoft Azure :<\/a>\n<\/strong> Espace de stockage et autre infrastructure ; fournisseur : Microsoft ; informations sp\u00e9cifiques \u00e0 Microsoft Azure : <a href=\"https:\/\/azure.microsoft.com\/de-de\/explore\/trusted-cloud\/privacy\/\" rel=\"nofollow noopener noreferrer\" target=\"_blank\">\"Protection des donn\u00e9es dans Azure\"<\/a>.\n\n<\/li>\n<li><strong>\n  <a href=\"https:\/\/wordpress.com\/\" rel=\"nofollow noopener noreferrer\" target=\"_blank\">WordPress.com :<\/a>\n<\/strong> H\u00e9bergement de blogs et constructeur de sites web ; fournisseurs : Automattic Inc. (\u00c9tats-Unis) \/ Aut O'Mattic A8C Ireland Ltd (Irlande) pour les utilisateurs, notamment en Europe ; informations sur la protection des donn\u00e9es : <a href=\"https:\/\/automattic.com\/de\/privacy\/\" rel=\"nofollow noopener noreferrer\" target=\"_blank\">d\u00e9claration de confidentialit\u00e9<\/a>, <a href=\"https:\/\/automattic.com\/cookies\/\" rel=\"nofollow noopener noreferrer\" target=\"_blank\">politique<\/a> <a href=\"https:\/\/automattic.com\/de\/privacy\/\" rel=\"nofollow noopener noreferrer\" target=\"_blank\">en mati\u00e8re de<\/a> <a href=\"https:\/\/automattic.com\/cookies\/\" rel=\"nofollow noopener noreferrer\" target=\"_blank\">cookies<\/a>.\n\n<\/li>\n<\/ul>\n\n<h3 id=\"kontaktmoeglichkeiten\">9.2 Possibilit\u00e9s de contact<\/h3>\n\n<p>Nous utilisons les services de fournisseurs s\u00e9lectionn\u00e9s afin de pouvoir mieux communiquer avec des tiers, par exemple des clients potentiels ou existants.<\/p>\n\n<p>Nous utilisons notamment<\/p>\n\n<ul>\n<li><strong>\n  <a href=\"https:\/\/www.bexio.com\/\" rel=\"nofollow noopener noreferrer\" target=\"_blank\">bexio :<\/a>\n<\/strong> Customer-Relationship-Management (CRM) ; fournisseur : bexio AG (Suisse) ; informations sur la protection des donn\u00e9es : <a href=\"https:\/\/www.bexio.com\/de-CH\/richtlinien\/datenschutz\" rel=\"nofollow noopener noreferrer\" target=\"_blank\">d\u00e9claration de protection des donn\u00e9es<\/a>, <a href=\"https:\/\/www.bexio.com\/de-CH\/cloud\" rel=\"nofollow noopener noreferrer\" target=\"_blank\">\"Cloud et s\u00e9curit\u00e9 des donn\u00e9es\",<\/a> <a href=\"https:\/\/www.bexio.com\/de-CH\/blog\/view\/datensicherheit\" rel=\"nofollow noopener noreferrer\" target=\"_blank\">\"S\u00e9curit\u00e9 des donn\u00e9es - d\u00e9finition et mesures pour les entreprises\".<\/a>\n\n<\/li>\n<\/ul>\n\n<h3 id=\"terminplanung\">9.3 Planification des d\u00e9lais<\/h3>\n\n<p>Nous utilisons les services de tiers sp\u00e9cialis\u00e9s pour pouvoir prendre des rendez-vous en ligne, par exemple pour des r\u00e9unions. En plus de la pr\u00e9sente d\u00e9claration de protection des donn\u00e9es, les conditions des services utilis\u00e9s, telles que les conditions d'utilisation ou les d\u00e9clarations de protection des donn\u00e9es, s'appliquent \u00e9galement.<\/p>\n\n<h3 id=\"videokonferenz\">9.4 Conf\u00e9rences audio et vid\u00e9o<\/h3>\n\n<p>Nous utilisons des services sp\u00e9cialis\u00e9s d'audioconf\u00e9rence et de vid\u00e9oconf\u00e9rence pour pouvoir communiquer en ligne. Nous pouvons par exemple l'utiliser pour organiser des r\u00e9unions virtuelles ou pour dispenser des cours et des webinaires en ligne. Pour la participation \u00e0 des conf\u00e9rences audio et vid\u00e9o, les textes juridiques des diff\u00e9rents services tels que les d\u00e9clarations de protection des donn\u00e9es et les conditions d'utilisation s'appliquent en compl\u00e9ment.<\/p>\n\n<p>Nous recommandons, selon la situation de vie, de couper le microphone par d\u00e9faut lors de la participation \u00e0 des conf\u00e9rences audio ou vid\u00e9o et de flouter l'arri\u00e8re-plan ou de faire appara\u00eetre un arri\u00e8re-plan virtuel.<\/p>\n\n<p>Nous utilisons notamment<\/p>\n\n<ul>\n<li><strong>\n  <a href=\"https:\/\/www.microsoft.com\/de-de\/microsoft-teams\/group-chat-software\" rel=\"nofollow noopener noreferrer\" target=\"_blank\">Microsoft Teams (en anglais) :<\/a>\n<\/strong> Plate-forme entre autres pour les conf\u00e9rences audio et vid\u00e9o ; fournisseur : Microsoft ; informations sp\u00e9cifiques \u00e0 Teams : <a href=\"https:\/\/docs.microsoft.com\/de-de\/microsoftteams\/teams-privacy\" rel=\"nofollow noopener noreferrer\" target=\"_blank\">\"Protection des donn\u00e9es et Microsoft Teams\".<\/a>\n\n<\/li>\n<\/ul>\n\n<h3 id=\"zusammenarbeit\">9.5 Collaboration en ligne<\/h3>\n\n<p>Nous utilisons des services de tiers pour permettre la collaboration en ligne. En plus de la pr\u00e9sente d\u00e9claration de protection des donn\u00e9es, les conditions des services utilis\u00e9s, telles que les conditions d'utilisation ou les d\u00e9clarations de protection des donn\u00e9es, s'appliquent \u00e9galement.<\/p>\n\n<p>Nous utilisons notamment<\/p>\n\n<ul>\n<li><strong>\n  <a href=\"https:\/\/miro.com\/de\/\" rel=\"nofollow noopener noreferrer\" target=\"_blank\">Miro :<\/a>\n<\/strong> Plate-forme de tableau blanc ; fournisseur : RealtimeBoard Inc. (\u00c9tats-Unis) ; informations sur la protection des donn\u00e9es : <a href=\"https:\/\/miro.com\/legal\/privacy-policy\/\" rel=\"nofollow noopener noreferrer\" target=\"_blank\">d\u00e9claration de confidentialit\u00e9<\/a>, <a href=\"https:\/\/miro.com\/security\/\" rel=\"nofollow noopener noreferrer\" target=\"_blank\">\"Confiance en Miro\" (\"Miro Trust Center\")<\/a>.\n\n<\/li>\n<\/ul>\n\n<h3 id=\"dokumente\">9.6 Documents<\/h3>\n\n<p>Nous utilisons des services de tiers pour pouvoir int\u00e9grer des documents dans notre site web. De tels documents peuvent par exemple comprendre des formulaires, des fichiers PDF, des pr\u00e9sentations, des tableaux et des documents texte. Nous pouvons ainsi permettre non seulement de visualiser, mais aussi de modifier ou de commenter de tels documents.<\/p>\n\n<p>Nous utilisons notamment<\/p>\n\n<ul>\n<li><strong>\n  <a href=\"https:\/\/www.microsoft.com\/de-ch\/microsoft-365\" rel=\"nofollow noopener noreferrer\" target=\"_blank\">Microsoft 365 (\u00e9galement Microsoft Office 365) :<\/a>\n<\/strong> Documents texte ainsi que formulaires, pr\u00e9sentations et tableaux ; fournisseur : Microsoft ; indications sp\u00e9cifiques \u00e0 Microsoft 365 : <a href=\"https:\/\/www.microsoft.com\/de-de\/microsoft-365\/business\/data-security-privacy-germany\" rel=\"nofollow noopener noreferrer\" target=\"_blank\">\"Protection des donn\u00e9es et s\u00e9curit\u00e9 avec Microsoft 365\".<\/a>\n\n<\/li>\n<\/ul>\n\n<h3 id=\"schriftarten\">9.7 Polices de caract\u00e8res<\/h3>\n\n<p>Nous utilisons des services de tiers pour pouvoir int\u00e9grer des polices de caract\u00e8res s\u00e9lectionn\u00e9es ainsi que des ic\u00f4nes, des logos et des symboles dans notre site web.<\/p>\n\n<p>Nous utilisons notamment<\/p>\n\n<ul>\n<li><strong>\n  <a href=\"https:\/\/fontawesome.com\/\" rel=\"nofollow noopener noreferrer\" target=\"_blank\">Font Awesome (police de caract\u00e8res) :<\/a>\n<\/strong> Ic\u00f4nes et logos ; fournisseur : Fonticons Inc. (\u00c9tats-Unis) ; informations sur la protection des donn\u00e9es : <a href=\"https:\/\/fontawesome.com\/privacy\" rel=\"nofollow noopener noreferrer\" target=\"_blank\">d\u00e9claration de confidentialit\u00e9<\/a>.\n\n<\/li>\n<li><strong>\n  <a href=\"https:\/\/fonts.google.com\" rel=\"nofollow noopener noreferrer\" target=\"_blank\">Google Fonts (polices de caract\u00e8res) :<\/a>\n<\/strong> Polices de caract\u00e8res ; fournisseur : Google ; informations sp\u00e9cifiques \u00e0 Google Fonts : <a href=\"https:\/\/fonts.googleblog.com\/2022\/11\/your-privacy-and-google-fonts.html\" rel=\"nofollow noopener noreferrer\" target=\"_blank\">\"Confidentialit\u00e9 et Google Fonts\" (\"Privacy and Google Fonts<\/a>\"), <a href=\"https:\/\/developers.google.com\/fonts\/faq\/privacy?hl=de\" rel=\"nofollow noopener noreferrer\" target=\"_blank\">\"Protection des donn\u00e9es et collecte des donn\u00e9es\".<\/a>\n\n<\/li>\n<li><strong>\n  <a href=\"https:\/\/www.myfonts.com\" rel=\"nofollow noopener noreferrer\" target=\"_blank\">MyFonts (by Monotype) :<\/a>\n<\/strong> Polices de caract\u00e8res ; fournisseurs : Monotype Imaging Holdings Inc. (\u00c9tats-Unis) \/ MyFonts Inc. (\u00c9tats-Unis) ; informations sur la protection des donn\u00e9es : <a href=\"https:\/\/www.fonts.com\/info\/legal\/privacy\" rel=\"nofollow noopener noreferrer\" target=\"_blank\">\"Votre vie priv\u00e9e\" (\"Your Privacy\")<\/a>, <a href=\"https:\/\/www.monotype.com\/de\/rechtshinweise\/datenschutzrichtlinie\" rel=\"nofollow noopener noreferrer\" target=\"_blank\">d\u00e9claration de confidentialit\u00e9<\/a>, <a href=\"https:\/\/www.monotype.com\/de\/rechtshinweise\/datenschutzrichtlinie\/datenschutzrichtlinie-zum-tracking-von-webschriften\" rel=\"nofollow noopener noreferrer\" target=\"_blank\">\"Politique de confidentialit\u00e9 sur le suivi des polices web\".<\/a>\n\n<\/li>\n<\/ul>\n\n<h2 id=\"erweiterungen\">10. extensions pour le site web<\/h2>\n\n<p>Nous utilisons des extensions pour notre site web afin de pouvoir utiliser des fonctions suppl\u00e9mentaires.<\/p>\n\n<p>Nous utilisons notamment<\/p>\n\n<ul>\n<li><strong>\n  <a href=\"https:\/\/antispambee.pluginkollektiv.org\/de\/\" rel=\"nofollow noopener noreferrer\" target=\"_blank\">Antispam Bee :<\/a>\n<\/strong> Protection des donn\u00e9es respectueuse de la vie priv\u00e9e, mais n\u00e9anmoins efficace et fiable contre les spams (distinction entre les commentaires souhait\u00e9s par les humains et les commentaires ind\u00e9sirables des robots ainsi que les spams) ; d\u00e9veloppeurs : <a href=\"https:\/\/pluginkollektiv.org\/de\/\" rel=\"nofollow noopener noreferrer\" target=\"_blank\">Pluginkollektiv<\/a> (en Allemagne et dans le reste de l'Europe) ; informations sur la protection des donn\u00e9es : utilisation sur sa propre infrastructure de serveur et <em>sans<\/em> cookies, <a href=\"https:\/\/antispambee.pluginkollektiv.org\/de\/dokumentation\/\" rel=\"nofollow noopener noreferrer\" target=\"_blank\">documentation (Pluginkollektiv)<\/a>, <a href=\"https:\/\/github.com\/pluginkollektiv\/antispam-bee\/wiki\/de-Home\" rel=\"nofollow noopener noreferrer\" target=\"_blank\">documentation (GitHub)<\/a>.\n\n<\/li>\n<li><strong>\n  <a href=\"https:\/\/www.google.com\/recaptcha\/\" rel=\"nofollow noopener noreferrer\" target=\"_blank\">Google reCAPTCHA :<\/a>\n<\/strong> Protection contre les spams (distinction entre les commentaires souhait\u00e9s par des humains et les commentaires non souhait\u00e9s par des robots ainsi que les spams) ; fournisseur : Google ; indications sp\u00e9cifiques \u00e0 Google reCAPTCHA : <a href=\"https:\/\/developers.google.com\/recaptcha\/\" rel=\"nofollow noopener noreferrer\" target=\"_blank\">\"Qu'est-ce que reCAPTCHA ? (\"What is reCAPTCHA ?\")<\/a>.\n\n<\/li>\n<\/ul>\n\n<h2 id=\"erfolgs-und-reichweitenmessung\">11. mesure de la r\u00e9ussite et de la port\u00e9e<\/h2>\n\n<p>Nous essayons de d\u00e9terminer comment notre offre en ligne est utilis\u00e9e. Dans ce cadre, nous pouvons par exemple mesurer le succ\u00e8s et la port\u00e9e de nos activit\u00e9s et de nos op\u00e9rations ainsi que l'impact des liens de tiers vers notre site web. Mais nous pouvons aussi, par exemple, essayer et comparer comment diff\u00e9rentes parties ou versions de notre offre en ligne sont utilis\u00e9es (m\u00e9thode \"A\/B test\"). Sur la base des r\u00e9sultats de la mesure du succ\u00e8s et de la port\u00e9e, nous pouvons notamment corriger des erreurs, renforcer les contenus populaires ou apporter des am\u00e9liorations \u00e0 notre offre en ligne.<\/p>\n\n<p>Dans la plupart des cas, les <a href=\"https:\/\/de.wikipedia.org\/wiki\/IP-Adresse\" rel=\"nofollow noopener noreferrer\" target=\"_blank\">adresses IP<\/a> des diff\u00e9rents utilisateurs sont enregistr\u00e9es \u00e0 des fins de mesure de la r\u00e9ussite et de la port\u00e9e. Dans ce cas, les adresses IP sont <em>en principe<\/em> raccourcies (\"masquage IP\") afin de respecter le principe de minimisation des donn\u00e9es gr\u00e2ce \u00e0 la pseudonymisation correspondante.<\/p>\n\n<p>Lors de la mesure du succ\u00e8s et de la port\u00e9e, des cookies peuvent \u00eatre utilis\u00e9s et des profils d'utilisateurs peuvent \u00eatre cr\u00e9\u00e9s. Les profils d'utilisateurs \u00e9ventuellement cr\u00e9\u00e9s comprennent par exemple les diff\u00e9rentes pages visit\u00e9es ou les contenus consult\u00e9s sur notre site web, des indications sur la taille de l'\u00e9cran ou de la fen\u00eatre du navigateur et la localisation - du moins approximative. <em>En principe<\/em>, les \u00e9ventuels profils d'utilisateurs sont \u00e9tablis exclusivement sous forme de pseudonymes et ne sont pas utilis\u00e9s pour identifier des utilisateurs individuels. Certains services de tiers auxquels les utilisateurs sont connect\u00e9s peuvent \u00e9ventuellement associer l'utilisation de notre offre en ligne au compte ou au profil de l'utilisateur aupr\u00e8s du service concern\u00e9.<\/p>\n\n<p>Nous utilisons notamment<\/p>\n\n<ul>\n<li><strong>\n  <a href=\"https:\/\/analytics.google.com\/\" rel=\"nofollow noopener noreferrer\" target=\"_blank\">Google Analytics :<\/a>\n<\/strong> Mesure du succ\u00e8s et de la port\u00e9e ; fournisseur : Google ; donn\u00e9es sp\u00e9cifiques \u00e0 Google Analytics : Mesure \u00e9galement sur diff\u00e9rents navigateurs et appareils <strong>(Cross-Device Tracking)<\/strong> ainsi qu'avec des adresses IP pseudonymis\u00e9es qui ne sont qu'<em>exceptionnellement<\/em> transmises int\u00e9gralement \u00e0 Google aux \u00c9tats-Unis, <a href=\"https:\/\/support.google.com\/analytics\/answer\/6004245\" rel=\"nofollow noopener noreferrer\" target=\"_blank\">\"Protection des donn\u00e9es\",<\/a> <a href=\"https:\/\/tools.google.com\/dlpage\/gaoptout\" rel=\"nofollow noopener noreferrer\" target=\"_blank\">\"Module compl\u00e9mentaire du navigateur pour la d\u00e9sactivation de Google Analytics\".<\/a>\n\n<\/li>\n<\/ul>\n\n<h2 id=\"schlussbestimmungen\">12) Dispositions finales<\/h2>\n\nNous utilisons l'outil de consentement \"Real Cookie Banner\" pour g\u00e9rer les cookies et les technologies similaires utilis\u00e9es (pixels de suivi, balises web, etc.) et les consentements y aff\u00e9rents. Tu trouveras des d\u00e9tails sur le fonctionnement de \"Real Cookie Banner\" sur <a href=\"https:\/\/devowl.io\/de\/rcb\/datenverarbeitung\/\" rel=\"noreferrer\" target=\"_blank\">https:\/\/devowl.io\/de\/rcb\/datenverarbeitung\/.<\/a>\n\nLes bases juridiques pour le traitement des donn\u00e9es \u00e0 caract\u00e8re personnel dans ce contexte sont l'art. 6 al. 1 lit. c du RGPD et l'article 6, paragraphe 1, du RGPD. 1 lit. f du RGPD. Notre int\u00e9r\u00eat l\u00e9gitime est de g\u00e9rer les cookies et technologies similaires utilis\u00e9s et les consentements y aff\u00e9rents.\n\nLa mise \u00e0 disposition des donn\u00e9es personnelles n'est ni prescrite contractuellement ni n\u00e9cessaire \u00e0 la conclusion d'un contrat. Tu n'es pas oblig\u00e9 de fournir les donn\u00e9es personnelles. Si tu ne nous fournis pas les donn\u00e9es personnelles, nous ne pourrons pas g\u00e9rer tes consentements.\n<br><\/br>\n<p>Nous avons r\u00e9dig\u00e9 cette d\u00e9claration de protection des donn\u00e9es \u00e0 l'aide du <a href=\"https:\/\/www.datenschutzpartner.ch\/angebot-datenschutz-generator\/\" rel=\"nofollow noopener\" target=\"_blank\" id=\"1699893956\">g\u00e9n\u00e9rateur de protection des donn\u00e9es<\/a> de <a href=\"https:\/\/datenschutzpartner.ch\/\" rel=\"nofollow noopener\" target=\"_blank\">Datenschutzpartner<\/a>.<\/p>\n\n<p>Nous pouvons \u00e0 tout moment adapter et compl\u00e9ter la pr\u00e9sente d\u00e9claration de protection des donn\u00e9es. Nous informerons de ces adaptations et compl\u00e9ments sous une forme appropri\u00e9e, notamment en publiant la d\u00e9claration de protection des donn\u00e9es en vigueur sur notre site web.<\/p><\/div><\/div><\/div><\/div>\n","protected":false},"excerpt":{"rendered":"","protected":false},"author":1,"featured_media":0,"parent":0,"menu_order":0,"comment_status":"closed","ping_status":"open","template":"100-width.php","meta":{"footnotes":""},"class_list":["post-2931","page","type-page","status-publish","hentry"],"_links":{"self":[{"href":"https:\/\/mrdigital.ch\/fr\/wp-json\/wp\/v2\/pages\/2931","targetHints":{"allow":["GET"]}}],"collection":[{"href":"https:\/\/mrdigital.ch\/fr\/wp-json\/wp\/v2\/pages"}],"about":[{"href":"https:\/\/mrdigital.ch\/fr\/wp-json\/wp\/v2\/types\/page"}],"author":[{"embeddable":true,"href":"https:\/\/mrdigital.ch\/fr\/wp-json\/wp\/v2\/users\/1"}],"replies":[{"embeddable":true,"href":"https:\/\/mrdigital.ch\/fr\/wp-json\/wp\/v2\/comments?post=2931"}],"version-history":[{"count":3,"href":"https:\/\/mrdigital.ch\/fr\/wp-json\/wp\/v2\/pages\/2931\/revisions"}],"predecessor-version":[{"id":3087,"href":"https:\/\/mrdigital.ch\/fr\/wp-json\/wp\/v2\/pages\/2931\/revisions\/3087"}],"wp:attachment":[{"href":"https:\/\/mrdigital.ch\/fr\/wp-json\/wp\/v2\/media?parent=2931"}],"curies":[{"name":"wp","href":"https:\/\/api.w.org\/{rel}","templated":true}]}}